{"id":308,"date":"2024-05-08T14:57:59","date_gmt":"2024-05-08T14:57:59","guid":{"rendered":"https:\/\/gyn-am-suedhang.de\/?page_id=308"},"modified":"2026-04-21T09:25:15","modified_gmt":"2026-04-21T09:25:15","slug":"onepager-parallel","status":"publish","type":"page","link":"https:\/\/gyn-am-suedhang.de\/","title":{"rendered":"Onepager Suedhang"},"content":{"rendered":"<p>[et_pb_section fb_built=&#8220;1&#8243; custom_padding_last_edited=&#8220;on|phone&#8220; admin_label=&#8220;Sektion Frauenarztpraxis Charlotte Karra\u00df&#8220; module_id=&#8220;ueber_uns&#8220; _builder_version=&#8220;4.27.4&#8243; _module_preset=&#8220;default&#8220; background_enable_color=&#8220;off&#8220; use_background_color_gradient=&#8220;on&#8220; background_color_gradient_direction=&#8220;90deg&#8220; background_color_gradient_stops=&#8220;#ffffff 0%|rgba(255,255,255,0) 66%|rgba(255,255,255,0) 100%&#8220; background_color_gradient_overlays_image=&#8220;on&#8220; background_image=&#8220;https:\/\/gyn-am-suedhang.de\/wp-content\/uploads\/2024\/09\/Header_V2_2560x683-2-scaled.jpg&#8220; background_position=&#8220;center_right&#8220; background_horizontal_offset=&#8220;0%&#8220; overflow-x=&#8220;hidden&#8220; overflow-y=&#8220;hidden&#8220; custom_padding=&#8220;6vw||8vw|48px|false|false&#8220; custom_padding_tablet=&#8220;6vw||8vw|48px|false|false&#8220; custom_padding_phone=&#8220;|||0px|false|false&#8220; top_divider_color=&#8220;#304F5D&#8220; top_divider_height=&#8220;50px&#8220; top_divider_repeat=&#8220;1x&#8220; top_divider_flip=&#8220;horizontal&#8220; bottom_divider_style=&#8220;wave&#8220; bottom_divider_color=&#8220;#304F5D&#8220; bottom_divider_height=&#8220;50px&#8220; bottom_divider_flip=&#8220;vertical|horizontal&#8220; bottom_divider_arrangement=&#8220;above_content&#8220; link_option_url=&#8220;#ueber_uns&#8220; background_color_tablet=&#8220;#EEE5DC&#8220; background_last_edited=&#8220;on|tablet&#8220; background_enable_color_tablet=&#8220;on&#8220; background_enable_image_tablet=&#8220;off&#8220; background_size_tablet=&#8220;cover&#8220; background_position_tablet=&#8220;center&#8220; border_width_top=&#8220;4px&#8220; border_color_top=&#8220;#304F5D&#8220; border_color_bottom=&#8220;#EEE5DC&#8220; saved_tabs=&#8220;all&#8220; locked=&#8220;off&#8220; global_colors_info=&#8220;{%22gcid-bf755426-076b-4893-8498-c49629fa1b88%22:%91%22bottom_divider_color%22%93}&#8220;][et_pb_row column_structure=&#8220;1_2,1_2&#8243; make_equal=&#8220;on&#8220; custom_padding_last_edited=&#8220;on|desktop&#8220; admin_label=&#8220;Zeile Frauenarztpraxis Charlotte Karra\u00df&#8220; _builder_version=&#8220;4.27.4&#8243; _module_preset=&#8220;default&#8220; background_enable_color=&#8220;off&#8220; width_tablet=&#8220;87%&#8220; width_phone=&#8220;90%&#8220; width_last_edited=&#8220;on|phone&#8220; module_alignment=&#8220;center&#8220; custom_margin=&#8220;|auto||auto|false|false&#8220; custom_padding=&#8220;4px||0px||false|false&#8220; custom_padding_tablet=&#8220;4px||0px||false|false&#8220; custom_padding_phone=&#8220;0px|10px||10px|false|false&#8220; global_colors_info=&#8220;{}&#8220;][et_pb_column type=&#8220;1_2&#8243; _builder_version=&#8220;4.27.0&#8243; _module_preset=&#8220;default&#8220; background_color=&#8220;RGBA(255,255,255,0)&#8220; custom_padding=&#8220;||40px||false|false&#8220; global_colors_info=&#8220;{}&#8220;][et_pb_text _builder_version=&#8220;4.27.5&#8243; _module_preset=&#8220;default&#8220; text_font=&#8220;&#8211;et_global_heading_font||||||||&#8220; text_text_color=&#8220;#A57F52&#8243; header_2_font=&#8220;&#8211;et_global_heading_font|600|||||||&#8220; header_2_text_color=&#8220;#FFFFFF&#8220; header_2_font_size=&#8220;20px&#8220; header_3_font=&#8220;&#8211;et_global_heading_font||||||||&#8220; header_3_text_color=&#8220;#8F8F8F&#8220; header_3_font_size=&#8220;20px&#8220; header_3_line_height=&#8220;1.3em&#8220; custom_margin=&#8220;||6px|||&#8220; custom_padding=&#8220;||0px|0px||&#8220; header_3_font_size_tablet=&#8220;20px&#8220; header_3_font_size_phone=&#8220;20px&#8220; header_3_font_size_last_edited=&#8220;on|phone&#8220; locked=&#8220;off&#8220; global_colors_info=&#8220;{}&#8220;]<\/p>\n<h3><span style=\"color: #eee5dc;\"><span style=\"color: #8f8f8f;\">Willkommen<\/span><br \/><\/span><\/h3>\n<p>[\/et_pb_text][et_pb_divider color=&#8220;#8F8F8F&#8220; admin_label=&#8220;Trennlinie&#8220; _builder_version=&#8220;4.27.4&#8243; _module_preset=&#8220;default&#8220; width=&#8220;100%&#8220; width_tablet=&#8220;100%&#8220; width_phone=&#8220;100%&#8220; width_last_edited=&#8220;on|tablet&#8220; max_width_tablet=&#8220;&#8220; max_width_phone=&#8220;&#8220; max_width_last_edited=&#8220;on|tablet&#8220; custom_margin=&#8220;||||false|false&#8220; global_colors_info=&#8220;{}&#8220;][\/et_pb_divider][et_pb_text admin_label=&#8220;\u00dcberschrift H1&#8243; _builder_version=&#8220;4.27.4&#8243; _module_preset=&#8220;default&#8220; text_font=&#8220;&#8211;et_global_heading_font||||||||&#8220; text_text_color=&#8220;gcid-2f3f3e09-0a26-4ea7-8906-5e1128945e3f&#8220; header_font=&#8220;&#8211;et_global_heading_font|600|||||||&#8220; header_font_size=&#8220;48px&#8220; header_line_height=&#8220;1.3em&#8220; background_enable_color=&#8220;off&#8220; header_text_align_tablet=&#8220;&#8220; header_text_align_phone=&#8220;left&#8220; header_text_align_last_edited=&#8220;on|phone&#8220; header_font_size_tablet=&#8220;40px&#8220; header_font_size_phone=&#8220;40px&#8220; header_font_size_last_edited=&#8220;on|phone&#8220; header_line_height_tablet=&#8220;1.3em&#8220; header_line_height_phone=&#8220;1.2em&#8220; header_line_height_last_edited=&#8220;on|phone&#8220; global_colors_info=&#8220;{%22gcid-2f3f3e09-0a26-4ea7-8906-5e1128945e3f%22:%91%22text_text_color%22%93}&#8220;]<\/p>\n<h1><span style=\"color: #304f5d;\">Gyn\u00e4kologische Praxis am S\u00fcdhang<\/span><br \/><span style=\"color: #eee5dc;\"><\/span><\/h1>\n<p>[\/et_pb_text][et_pb_text _builder_version=&#8220;4.27.4&#8243; _module_preset=&#8220;default&#8220; text_font=&#8220;ABeeZee||||||||&#8220; text_text_color=&#8220;#666666&#8243; text_font_size=&#8220;16px&#8220; text_line_height=&#8220;1.5em&#8220; background_enable_color=&#8220;off&#8220; custom_margin=&#8220;||1px|||&#8220; custom_margin_tablet=&#8220;||1px|||&#8220; custom_margin_phone=&#8220;||0px||false|false&#8220; custom_margin_last_edited=&#8220;on|phone&#8220; custom_padding=&#8220;||0px|||&#8220; text_text_color_tablet=&#8220;#304F5D&#8220; text_text_color_phone=&#8220;#304F5D&#8220; text_text_color_last_edited=&#8220;on|tablet&#8220; text_font_size_tablet=&#8220;16px&#8220; text_font_size_phone=&#8220;14px&#8220; text_font_size_last_edited=&#8220;on|phone&#8220; global_colors_info=&#8220;{}&#8220;]<\/p>\n<p><span style=\"color: #666666;\">Wir freuen uns, Sie auf unseren Seiten begr\u00fc\u00dfen zu d\u00fcrfen. Das Leitbild unserer Praxis ist es, Sie in allen Lebensphasen fachlich kompetent und wertsch\u00e4tzend zu beraten und zu begleiten. Egal ob in freudiger Erwartung oder in schwierigen gesundheitlichen Situationen &#8211; wir nehmen uns Zeit und legen Wert auf eine vertrauensvolle Behandlungssituation, in der wir Ihnen auf Augenh\u00f6he begegnen. Dank langj\u00e4hriger Erfahrung und regelm\u00e4\u00dfigen Fortbildungen und Hospitationen d\u00fcrfen Sie bei uns eine Versorgung nach modernen fachlichen Ma\u00dfst\u00e4ben erwarten, die dennoch nie den Menschen als Ganzes aus den Augen verliert.<\/span><\/p>\n<p>[\/et_pb_text][\/et_pb_column][et_pb_column type=&#8220;1_2&#8243; _builder_version=&#8220;4.27.0&#8243; _module_preset=&#8220;default&#8220; background_color=&#8220;RGBA(255,255,255,0)&#8220; custom_padding=&#8220;4vw||||false|false&#8220; custom_padding_tablet=&#8220;0vw||||false|false&#8220; custom_padding_phone=&#8220;0vw||||false|false&#8220; custom_padding_last_edited=&#8220;on|phone&#8220; global_colors_info=&#8220;{}&#8220;][\/et_pb_column][\/et_pb_row][\/et_pb_section][et_pb_section fb_built=&#8220;1&#8243; custom_padding_last_edited=&#8220;on|tablet&#8220; admin_label=&#8220;Sektion Sprechzeiten&#8220; module_id=&#8220;praxis&#8220; _builder_version=&#8220;4.27.4&#8243; _module_preset=&#8220;default&#8220; background_enable_color=&#8220;off&#8220; overflow-x=&#8220;hidden&#8220; overflow-y=&#8220;hidden&#8220; custom_padding=&#8220;||15px||false|false&#8220; custom_padding_tablet=&#8220;||60px||false|false&#8220; custom_padding_phone=&#8220;||60px||false|false&#8220; bottom_divider_color=&#8220;#823755&#8243; bottom_divider_height=&#8220;137px&#8220; bottom_divider_flip=&#8220;horizontal&#8220; link_option_url=&#8220;#sprechzeiten&#8220; border_color_bottom=&#8220;#823755&#8243; locked=&#8220;off&#8220; global_colors_info=&#8220;{%22gcid-86660dd7-36c1-49d5-9e22-7662c9fc9fde%22:%91%22background_mask_color%22%93}&#8220;][\/et_pb_section][et_pb_section fb_built=&#8220;1&#8243; custom_padding_last_edited=&#8220;on|tablet&#8220; module_id=&#8220;praxis&#8220; _builder_version=&#8220;4.27.4&#8243; _module_preset=&#8220;default&#8220; background_color=&#8220;#98D0D3&#8243; background_enable_pattern_style=&#8220;on&#8220; background_pattern_style=&#8220;squares&#8220; background_pattern_color=&#8220;rgba(48,79,93,0.04)&#8220; min_height=&#8220;1050.3px&#8220; custom_padding=&#8220;26px||8vw||false|false&#8220; custom_padding_tablet=&#8220;||8vw||false|false&#8220; custom_padding_phone=&#8220;||8vw||false|false&#8220; link_option_url=&#8220;#praxis&#8220; global_colors_info=&#8220;{}&#8220;][et_pb_row make_equal=&#8220;on&#8220; custom_padding_last_edited=&#8220;on|desktop&#8220; _builder_version=&#8220;4.27.0&#8243; _module_preset=&#8220;default&#8220; background_enable_color=&#8220;off&#8220; width_tablet=&#8220;87%&#8220; width_phone=&#8220;90%&#8220; width_last_edited=&#8220;on|phone&#8220; module_alignment=&#8220;center&#8220; min_height=&#8220;97.8px&#8220; custom_margin=&#8220;|auto||auto|false|false&#8220; custom_padding=&#8220;4px||0px||false|false&#8220; custom_padding_tablet=&#8220;4px||0px||false|false&#8220; custom_padding_phone=&#8220;0px|10px||10px|false|false&#8220; global_colors_info=&#8220;{}&#8220;][et_pb_column type=&#8220;4_4&#8243; _builder_version=&#8220;4.27.0&#8243; _module_preset=&#8220;default&#8220; global_colors_info=&#8220;{}&#8220;][et_pb_text admin_label=&#8220;H2 \u00dcberschrift&#8220; _builder_version=&#8220;4.27.4&#8243; _module_preset=&#8220;default&#8220; text_font=&#8220;&#8211;et_global_heading_font||||||||&#8220; text_text_color=&#8220;#6E6E6D&#8220; text_font_size=&#8220;27px&#8220; text_line_height=&#8220;1.2em&#8220; header_font=&#8220;&#8211;et_global_heading_font||||||||&#8220; header_text_color=&#8220;#304F5D&#8220; header_font_size=&#8220;48px&#8220; header_line_height=&#8220;1.3em&#8220; header_2_font=&#8220;&#8211;et_global_heading_font||||||||&#8220; header_2_text_color=&#8220;#304F5D&#8220; header_2_font_size=&#8220;48px&#8220; header_2_line_height=&#8220;1.3em&#8220; header_3_font=&#8220;ABeeZee|600|||||||&#8220; header_3_text_color=&#8220;#304F5D&#8220; header_3_font_size=&#8220;45px&#8220; custom_margin=&#8220;||6px||false|false&#8220; custom_padding=&#8220;||0px||false|false&#8220; header_2_font_size_tablet=&#8220;24px&#8220; header_2_font_size_phone=&#8220;33px&#8220; header_2_font_size_last_edited=&#8220;on|phone&#8220; header_3_font_size_tablet=&#8220;45px&#8220; header_3_font_size_phone=&#8220;33px&#8220; header_3_font_size_last_edited=&#8220;on|phone&#8220; locked=&#8220;off&#8220; global_colors_info=&#8220;{}&#8220; header_2_2_font_size_tablet=&#8220;34px&#8220; header_3_2_font_size_tablet=&#8220;34px&#8220; header_4_2_font_size_tablet=&#8220;34px&#8220; header_5_2_font_size_tablet=&#8220;34px&#8220; header_6_2_font_size_tablet=&#8220;34px&#8220; header_2_2_font_size_phone=&#8220;22px&#8220; header_3_2_font_size_phone=&#8220;22px&#8220; header_4_2_font_size_phone=&#8220;22px&#8220; header_5_2_font_size_phone=&#8220;22px&#8220; header_6_2_font_size_phone=&#8220;22px&#8220; header_2_2_font_size_last_edited=&#8220;on|phone&#8220; header_3_2_font_size_last_edited=&#8220;on|phone&#8220; header_4_2_font_size_last_edited=&#8220;on|phone&#8220; header_5_2_font_size_last_edited=&#8220;on|phone&#8220; header_6_2_font_size_last_edited=&#8220;on|phone&#8220;]<\/p>\n<h3>\u00c4rztinnen<\/h3>\n<p>[\/et_pb_text][et_pb_divider color=&#8220;#304F5D&#8220; admin_label=&#8220;Trennlinie&#8220; _builder_version=&#8220;4.27.4&#8243; _module_preset=&#8220;default&#8220; width=&#8220;0px&#8220; width_tablet=&#8220;100%&#8220; width_phone=&#8220;100%&#8220; width_last_edited=&#8220;on|tablet&#8220; custom_margin=&#8220;||6px||false|false&#8220; custom_padding=&#8220;||0px||false|false&#8220; locked=&#8220;off&#8220; global_colors_info=&#8220;{}&#8220;][\/et_pb_divider][\/et_pb_column][\/et_pb_row][et_pb_row column_structure=&#8220;1_3,1_3,1_3&#8243; _builder_version=&#8220;4.27.0&#8243; _module_preset=&#8220;default&#8220; global_colors_info=&#8220;{}&#8220;][et_pb_column type=&#8220;1_3&#8243; _builder_version=&#8220;4.25.0&#8243; _module_preset=&#8220;default&#8220; global_colors_info=&#8220;{}&#8220;][et_pb_image src=&#8220;https:\/\/gyn-am-suedhang.de\/wp-content\/uploads\/2024\/09\/Held_550x400_final.png&#8220; title_text=&#8220;Held_550x400_final&#8220; align=&#8220;center&#8220; _builder_version=&#8220;4.27.4&#8243; _module_preset=&#8220;default&#8220; max_width_tablet=&#8220;100%&#8220; max_width_phone=&#8220;100%&#8220; max_width_last_edited=&#8220;on|tablet&#8220; global_colors_info=&#8220;{}&#8220;][\/et_pb_image][et_pb_text _builder_version=&#8220;4.27.4&#8243; _module_preset=&#8220;default&#8220; text_font_size=&#8220;16px&#8220; text_line_height=&#8220;1.5em&#8220; header_3_text_color=&#8220;#304F5D&#8220; global_colors_info=&#8220;{}&#8220;]<\/p>\n<h3>Frau Dr. med. Elke Held<\/h3>\n<p>Fach\u00e4rztin f\u00fcr Frauenheilkunde und Geburtshilfe, Zytologin<\/p>\n<p>[\/et_pb_text][et_pb_text _builder_version=&#8220;4.27.4&#8243; _module_preset=&#8220;default&#8220; text_font_size=&#8220;16px&#8220; text_line_height=&#8220;1.5em&#8220; global_colors_info=&#8220;{}&#8220;]<\/p>\n<p><strong>Zusatzqualifikationen:<\/strong><\/p>\n<p>&nbsp;<\/p>\n<ul>\n<li>Ultraschall der weiblichen Geschlechtsorgane<\/li>\n<li>Ultraschall der fetalen Morphologie und geburtshilflichen Basisdiagnostik<\/li>\n<li>Doppler-Sonographie<\/li>\n<li>psychosomatische Grundversorgung<\/li>\n<\/ul>\n<p>[\/et_pb_text][\/et_pb_column][et_pb_column type=&#8220;1_3&#8243; _builder_version=&#8220;4.25.0&#8243; _module_preset=&#8220;default&#8220; global_colors_info=&#8220;{}&#8220;][et_pb_image src=&#8220;https:\/\/gyn-am-suedhang.de\/wp-content\/uploads\/2024\/09\/Staar2_550x400.png&#8220; title_text=&#8220;Staar2_550x400&#8243; align=&#8220;center&#8220; _builder_version=&#8220;4.27.0&#8243; _module_preset=&#8220;default&#8220; global_colors_info=&#8220;{}&#8220;][\/et_pb_image][et_pb_text _builder_version=&#8220;4.27.0&#8243; _module_preset=&#8220;default&#8220; text_font_size=&#8220;16px&#8220; text_line_height=&#8220;1.5em&#8220; header_3_text_color=&#8220;#304F5D&#8220; global_colors_info=&#8220;{%22gcid-body-color%22:%91%22text_text_color%22%93}&#8220;]<\/p>\n<h3>Frau Dr. med. Stefanie Staar<\/h3>\n<p>Fach\u00e4rztin f\u00fcr Frauenheilkunde und Geburtshilfe<strong><\/strong><\/p>\n<p>[\/et_pb_text][et_pb_text _builder_version=&#8220;4.27.5&#8243; _module_preset=&#8220;default&#8220; text_font_size=&#8220;16px&#8220; text_line_height=&#8220;1.5em&#8220; global_colors_info=&#8220;{}&#8220;]<\/p>\n<p><strong>Zusatzqualifikationen:<\/strong><\/p>\n<p><strong> <\/strong><\/p>\n<ul>\n<li>Ultraschall der weiblichen Geschlechtsorgane und der Brustdr\u00fcse<\/li>\n<li>Ultraschall der fetalen Morphologie und geburtshilflichen Basisdiagnostik<\/li>\n<li>Erweitertes Organscreening<\/li>\n<li>Doppler-Sonographie<\/li>\n<li>Kolposkopiediplom<\/li>\n<li>fachgebundene genetische Beratung<\/li>\n<li>psychosomatische Grundversorgung<\/li>\n<\/ul>\n<p>[\/et_pb_text][\/et_pb_column][et_pb_column type=&#8220;1_3&#8243; _builder_version=&#8220;4.25.0&#8243; _module_preset=&#8220;default&#8220; global_colors_info=&#8220;{}&#8220;][et_pb_image src=&#8220;https:\/\/gyn-am-suedhang.de\/wp-content\/uploads\/2024\/09\/Zeitler_550x400.png&#8220; title_text=&#8220;Zeitler_550x400&#8243; align=&#8220;center&#8220; _builder_version=&#8220;4.27.0&#8243; _module_preset=&#8220;default&#8220; global_colors_info=&#8220;{}&#8220;][\/et_pb_image][et_pb_text _builder_version=&#8220;4.27.0&#8243; _module_preset=&#8220;default&#8220; text_font_size=&#8220;16px&#8220; text_line_height=&#8220;1.5em&#8220; header_3_text_color=&#8220;#304F5D&#8220; global_colors_info=&#8220;{%22gcid-body-color%22:%91%22text_text_color%22%93}&#8220;]<\/p>\n<h3>Frau Dr. med. Elsa Zeitler<\/h3>\n<p>Fach\u00e4rztin f\u00fcr Frauenheilkunde und Geburtshilfe<\/p>\n<p>[\/et_pb_text][et_pb_text _builder_version=&#8220;4.27.2&#8243; _module_preset=&#8220;default&#8220; text_font_size=&#8220;16px&#8220; text_line_height=&#8220;1.5em&#8220; global_colors_info=&#8220;{}&#8220;]<\/p>\n<div style=\"margin-top: 0; margin-bottom: 0;\">\n<p><strong>Zusatzqualifikationen:<\/p>\n<p><\/strong><\/p>\n<ul>\n<li>Ultraschall der weiblichen Geschlechtsorgane<\/li>\n<li>Ultraschall der fetalen Morphologie und geburtshilflichen Basisdiagnostik<\/li>\n<li>Erweitertes Organscreening<\/li>\n<li>psychosomatische Grundversorgung<\/li>\n<\/ul>\n<\/div>\n<p>&nbsp;<\/p>\n<p>[\/et_pb_text][\/et_pb_column][\/et_pb_row][et_pb_row column_structure=&#8220;1_2,1_2&#8243; make_equal=&#8220;on&#8220; custom_padding_last_edited=&#8220;on|desktop&#8220; admin_label=&#8220;Zeile Sprechzeiten&#8220; _builder_version=&#8220;4.27.5&#8243; _module_preset=&#8220;default&#8220; background_enable_color=&#8220;off&#8220; width=&#8220;84.3%&#8220; width_tablet=&#8220;87%&#8220; width_phone=&#8220;90%&#8220; width_last_edited=&#8220;on|phone&#8220; module_alignment=&#8220;center&#8220; custom_margin=&#8220;|456px||588px|false|false&#8220; custom_padding=&#8220;4px||0px||false|false&#8220; custom_padding_tablet=&#8220;4px||0px||false|false&#8220; custom_padding_phone=&#8220;0px|10px||10px|false|false&#8220; global_colors_info=&#8220;{}&#8220;][et_pb_column type=&#8220;1_2&#8243; _builder_version=&#8220;4.27.0&#8243; _module_preset=&#8220;default&#8220; global_colors_info=&#8220;{}&#8220;][et_pb_text admin_label=&#8220;H2 \u00dcberschrift&#8220; _builder_version=&#8220;4.27.5&#8243; _module_preset=&#8220;default&#8220; text_font=&#8220;&#8211;et_global_heading_font||||||||&#8220; text_text_color=&#8220;#6E6E6D&#8220; text_font_size=&#8220;27px&#8220; text_line_height=&#8220;1.2em&#8220; header_font=&#8220;&#8211;et_global_heading_font||||||||&#8220; header_text_color=&#8220;#304F5D&#8220; header_font_size=&#8220;48px&#8220; header_line_height=&#8220;1.3em&#8220; header_2_font=&#8220;&#8211;et_global_heading_font||||||||&#8220; header_2_text_color=&#8220;#304F5D&#8220; header_2_font_size=&#8220;48px&#8220; header_2_line_height=&#8220;1.3em&#8220; header_3_font=&#8220;ABeeZee|600|||||||&#8220; header_3_text_color=&#8220;#304F5D&#8220; header_3_font_size=&#8220;45px&#8220; custom_margin=&#8220;||6px||false|false&#8220; custom_padding=&#8220;||6px||false|false&#8220; header_2_font_size_tablet=&#8220;24px&#8220; header_2_font_size_phone=&#8220;33px&#8220; header_2_font_size_last_edited=&#8220;on|phone&#8220; header_3_font_size_tablet=&#8220;45px&#8220; header_3_font_size_phone=&#8220;33px&#8220; header_3_font_size_last_edited=&#8220;on|phone&#8220; locked=&#8220;off&#8220; global_colors_info=&#8220;{}&#8220; header_2_2_font_size_tablet=&#8220;34px&#8220; header_3_2_font_size_tablet=&#8220;34px&#8220; header_4_2_font_size_tablet=&#8220;34px&#8220; header_5_2_font_size_tablet=&#8220;34px&#8220; header_6_2_font_size_tablet=&#8220;34px&#8220; header_2_2_font_size_phone=&#8220;22px&#8220; header_3_2_font_size_phone=&#8220;22px&#8220; header_4_2_font_size_phone=&#8220;22px&#8220; header_5_2_font_size_phone=&#8220;22px&#8220; header_6_2_font_size_phone=&#8220;22px&#8220; header_2_2_font_size_last_edited=&#8220;on|phone&#8220; header_3_2_font_size_last_edited=&#8220;on|phone&#8220; header_4_2_font_size_last_edited=&#8220;on|phone&#8220; header_5_2_font_size_last_edited=&#8220;on|phone&#8220; header_6_2_font_size_last_edited=&#8220;on|phone&#8220;]<\/p>\n<h3><em><span style=\"text-decoration: underline; color: #b23552;\">Sprechzeiten<\/span><\/em><\/h3>\n<p>[\/et_pb_text][et_pb_text content_tablet=&#8220;<\/p>\n<p>&nbsp;<\/p>\n<table style=%22width: 107.212%; border-collapse: collapse; border-style: hidden; height: 233px;%22 border=%220%22>\n<tbody>\n<tr style=%22border-style: hidden;%22>\n<td style=%22width: 305.4px; height: 48px;%22><span style=%22color: #070707;%22>Montag<\/span><\/td>\n<td style=%22width: 549.033px; height: 48px;%22>\n<p><span style=%22color: #070707;%22>08:00 &#8211; 13:00 Uhr &#8211; Dr. S. Staar<\/span><\/p>\n<p><span style=%22color: #070707;%22>14:00 &#8211; 18:00 Uhr &#8211; Dr. E. Zeitler<\/span><\/p>\n<\/td>\n<\/tr>\n<tr style=%22border-style: hidden;%22>\n<td style=%22width: 305.4px; height: 48px;%22>Dienstag<\/td>\n<td style=%22width: 549.033px; height: 48px;%22>\n<p>&nbsp;<\/p>\n<p>\u00a008:15 &#8211; 12:00 Uhr &#8211; Dr. E. Zeitler<\/p>\n<p>13:00 &#8211; 16:30 Uhr &#8211; Dr. E. Held ( Privatsprechstunde)<\/p>\n<\/td>\n<\/tr>\n<tr style=%22border-style: hidden;%22>\n<td style=%22width: 305.4px; height: 48px;%22>\n<p>&nbsp;<\/p>\n<p>\u00a0<span style=%22color: #070707;%22>Mittwoch<\/span><\/p>\n<\/td>\n<td style=%22width: 549.033px; height: 48px;%22>\n<p>&nbsp;<\/p>\n<p><span style=%22color: #070707;%22>08:00 -13:00 Uhr &#8211; Dr. S. Staar<\/span><\/p>\n<\/td>\n<\/tr>\n<tr style=%22border-style: hidden;%22>\n<td style=%22width: 305.4px; height: 48px;%22>\n<p>Donnerstag<\/p>\n<\/td>\n<td style=%22width: 549.033px; height: 48px;%22>\n<p>&nbsp;<\/p>\n<p>08:15 &#8211; 13:00 Uhr &#8211; Dr. E. Zeitler<\/p>\n<p>14:00 &#8211; 18:00 Uhr &#8211; Dr. S. Staar<\/p>\n<\/td>\n<\/tr>\n<tr style=%22border-style: hidden;%22>\n<td style=%22width: 305.4px; height: 48px;%22><span style=%22color: #0a0a0a;%22>Freitag<\/span><\/td>\n<td style=%22width: 549.033px; height: 48px;%22>\n<p>&nbsp;<\/p>\n<p>\u00a0<span style=%22color: #0a0a0a;%22>08:30 &#8211; 10:00 Uhr &#8211; Dr. E. Held<\/span><\/p>\n<p><span style=%22color: #0a0a0a;%22>\u00a0<\/span><\/p>\n<\/td>\n<\/tr>\n<tr>\n<td style=%22width: 305.4px; text-align: center;%22><\/td>\n<td style=%22width: 549.033px;%22><\/td>\n<\/tr>\n<\/tbody>\n<\/table>\n<p><span style=%22text-decoration: underline; color: #b23552; font-size: large;%22><em><strong>Bei akuten F\u00e4llen bitte immer mit telefonischer Voranmeldung und zum Anfang<\/strong><\/em><\/span><\/p>\n<p><span style=%22text-decoration: underline; color: #b23552; font-size: large;%22><em><strong> der jeweiligen Sprechstunde, Danke.<\/strong><\/em><\/span><\/p>\n<p><span style=%22text-decoration: underline; color: #b23552;%22><em><strong><\/strong><\/em><\/span><\/p>\n<p>&#8220; content_phone=&#8220;<\/p>\n<p>&nbsp;<\/p>\n<table style=%22width: 109.939%; border-collapse: collapse; border-style: hidden; height: 239px;%22 border=%220%22>\n<tbody>\n<tr style=%22border-style: hidden;%22>\n<td style=%22width: 17.305%; height: 48px;%22>\n<p>Montag<\/p>\n<\/td>\n<td style=%22width: 82.695%; height: 48px;%22>\n<p style=%22text-align: left;%22>08:00 &#8211; 13:00 Uhr &#8211; Dr. S. Staar<\/p>\n<p style=%22text-align: left;%22>14:00 &#8211; 18:00 Uhr &#8211; Dr. E. Zeitler<\/p>\n<p style=%22text-align: left;%22>\n<\/td>\n<\/tr>\n<tr style=%22border-style: hidden;%22>\n<td style=%22width: 17.305%; height: 48px;%22>Dienstag<\/td>\n<td style=%22width: 82.695%; height: 48px;%22>\n<p>&nbsp;<\/p>\n<p>08:15 &#8211; 12:00 Uhr &#8211; Dr. E. Zeitler<\/p>\n<p>13:00 &#8211; 16:30 Uhr &#8211; Dr. E. Held\u00a0<\/p>\n<p>&nbsp;<\/p>\n<\/td>\n<\/tr>\n<tr style=%22border-style: hidden;%22>\n<td style=%22width: 17.305%; height: 48px;%22>Mittwoch<\/td>\n<td style=%22width: 82.695%; height: 48px;%22>\n<p>08:00 &#8211; 13:00 Uhr &#8211; Dr. S. Staar<\/p>\n<\/td>\n<\/tr>\n<tr style=%22border-style: hidden;%22>\n<td style=%22width: 17.305%; height: 48px;%22>Donnerstag<\/td>\n<td style=%22width: 82.695%; height: 48px;%22>\n<p>&nbsp;<\/p>\n<p>08:15 &#8211; 13:00 Uhr &#8211; Dr. E. Zeitler<\/p>\n<p>14:00 &#8211; 18:00 Uhr &#8211; Dr. S. Staar<\/p>\n<p>&nbsp;<\/p>\n<\/td>\n<\/tr>\n<tr style=%22border-style: hidden;%22>\n<td style=%22width: 17.305%; height: 48px;%22>\n<p>Freitag<\/p>\n<\/td>\n<td style=%22width: 82.695%; height: 48px;%22>\n<p>08:30 &#8211; 10:00 Uhr &#8211; Dr. E. Held<\/p>\n<\/td>\n<\/tr>\n<\/tbody>\n<\/table>\n<p style=%22text-align: justify;%22><span style=%22font-size: large;%22><span style=%22text-decoration: underline; color: #b23552;%22><em><strong>Bei akuten F\u00e4llen bitte immer <\/strong><\/em><\/span><span style=%22text-decoration: underline; color: #b23552;%22><em><strong>mit <\/strong><\/em><\/span><\/span><\/p>\n<p style=%22text-align: justify;%22><span style=%22font-size: large;%22><span style=%22text-decoration: underline; color: #b23552;%22><em><strong>telefonischer <\/strong><\/em><\/span><\/span><span style=%22text-decoration: underline; color: #b23552; font-size: large;%22><em><strong>Voranmeldung <\/strong><\/em><\/span><\/p>\n<p style=%22text-align: justify;%22><span style=%22text-decoration: underline; color: #b23552; font-size: large;%22><em><strong>und zum Anfang <\/strong><\/em><\/span><span style=%22text-decoration: underline; color: #b23552; font-size: large;%22><em><strong>der jeweiligen <\/strong><\/em><\/span><\/p>\n<p style=%22text-align: justify;%22><span style=%22text-decoration: underline; color: #b23552; font-size: large;%22><em><strong>S<\/strong><\/em><\/span><span style=%22text-decoration: underline; color: #b23552; font-size: large;%22><em><strong>prechstunde, <\/strong><\/em><\/span><\/p>\n<p style=%22text-align: justify;%22><span style=%22text-decoration: underline; color: #b23552; font-size: large;%22><em><strong>Danke.<\/strong><\/em><\/span><\/p>\n<p style=%22text-align: center;%22><span style=%22text-decoration: underline; color: #b23552; font-size: large;%22><em><strong><\/strong><\/em><\/span><\/p>\n<p>&#8220; content_last_edited=&#8220;on|phone&#8220; admin_label=&#8220;Tabelle Sprechzeiten&#8220; _builder_version=&#8220;4.27.5&#8243; _module_preset=&#8220;default&#8220; text_font=&#8220;ABeeZee||||||||&#8220; text_font_size=&#8220;16px&#8220; text_line_height=&#8220;1.5em&#8220; background_color=&#8220;RGBA(255,255,255,0)&#8220; width=&#8220;115.5%&#8220; min_height=&#8220;410px&#8220; custom_margin=&#8220;-30px|-188px|-30px||false|false&#8220; custom_margin_tablet=&#8220;-3px|-188px|-30px||false|false&#8220; custom_margin_phone=&#8220;||||false|false&#8220; custom_margin_last_edited=&#8220;on|desktop&#8220; custom_padding=&#8220;0px|78px|2px|0px|false|false&#8220; text_font_size_tablet=&#8220;16px&#8220; text_font_size_phone=&#8220;14px&#8220; text_font_size_last_edited=&#8220;on|phone&#8220; custom_css_main_element=&#8220;||||  ||  &#8220; locked=&#8220;off&#8220; global_colors_info=&#8220;{}&#8220;]<\/p>\n<table style=\"width: 109.938%; border-collapse: collapse; border-style: hidden; height: 185px;\" border=\"0\">\n<tbody>\n<tr style=\"border-style: hidden;\">\n<td style=\"width: 35.7447%; height: 48px;\">\n<p>&nbsp;<\/p>\n<p>&nbsp;<\/p>\n<p><strong><span style=\"color: #353535;\">Montag<\/span><\/strong><\/p>\n<\/td>\n<td style=\"width: 64.2553%; height: 48px;\">\n<p><span style=\"color: #2d2d2d;\"><strong><\/strong><\/span><\/p>\n<p><span style=\"color: #2d2d2d;\"><strong><\/strong><\/span><\/p>\n<p><span style=\"color: #2d2d2d;\"><strong><\/strong><\/span><\/p>\n<p><span style=\"color: #2d2d2d;\"><strong><\/strong><\/span><\/p>\n<p><span style=\"color: #2d2d2d;\"><strong><\/strong><\/span><\/p>\n<p><span style=\"color: #2d2d2d;\"><strong><\/strong><\/span><\/p>\n<p><span style=\"color: #2d2d2d;\"><strong>08:00 -13:00 Uhr &#8211; Dr. S. Staar<\/strong><\/span><\/p>\n<p><span style=\"color: #2d2d2d;\"><strong>14:00 &#8211; 18:00 Uhr &#8211; Dr. E. Zeitler<\/strong><\/span><\/p>\n<\/td>\n<\/tr>\n<tr style=\"border-style: hidden;\">\n<td style=\"width: 35.7447%; height: 48px;\"><strong>Dienstag<\/strong><\/td>\n<td style=\"width: 64.2553%; height: 48px;\">\n<p><strong><\/strong><\/p>\n<p><strong>08:15 &#8211; 12:00 Uhr &#8211; Dr. E. Zeitler<\/strong><\/p>\n<p><strong>13:00 &#8211; 16:30 Uhr &#8211; Dr. E. Held (Privatsprechstunde)<\/strong><\/p>\n<p><strong><\/strong><\/p>\n<\/td>\n<\/tr>\n<tr style=\"border-style: hidden;\">\n<td style=\"width: 35.7447%; height: 48px;\"><span style=\"color: #383838;\"><strong>Mittwoch<\/strong><\/span><\/td>\n<td style=\"width: 64.2553%; height: 48px;\"><span style=\"color: #383838;\"><strong>08:00 &#8211; 13:00 Uhr &#8211; Dr. S. Staar<\/strong><\/span><\/td>\n<\/tr>\n<tr style=\"border-style: hidden;\">\n<td style=\"width: 35.7447%; height: 48px;\"><strong>Donnerstag<\/strong><\/td>\n<td style=\"width: 64.2553%; height: 48px;\">\n<p><strong><\/strong><\/p>\n<p><strong>08:15 &#8211; 13:00 Uhr &#8211; Dr. E. Zeitler<\/strong><\/p>\n<p><strong>14:00 &#8211; 18:00 Uhr &#8211; Dr. S. Staar<\/strong><\/p>\n<\/td>\n<\/tr>\n<tr style=\"border-style: hidden;\">\n<td style=\"width: 35.7447%; height: 48px;\">\n<p><span style=\"color: #2d2d2d;\"><strong><\/strong><\/span><\/p>\n<p><span style=\"color: #2d2d2d;\"><strong>Freitag<\/strong><\/span><\/p>\n<\/td>\n<td style=\"width: 64.2553%; height: 48px;\">\n<p><span style=\"color: #2d2d2d;\"><strong><\/strong><\/span><\/p>\n<p><span style=\"color: #2d2d2d;\"><strong>08:30 &#8211; 10:00 Uhr &#8211; Dr. E. Held<\/strong><\/span><\/p>\n<\/td>\n<\/tr>\n<\/tbody>\n<\/table>\n<p><span style=\"text-decoration: underline; color: #b23552;\"><em><strong>\u00a0\u00a0\u00a0\u00a0\u00a0\u00a0\u00a0\u00a0\u00a0\u00a0\u00a0\u00a0\u00a0\u00a0\u00a0\u00a0\u00a0\u00a0\u00a0\u00a0\u00a0\u00a0\u00a0\u00a0 <\/strong><\/em><\/span><\/p>\n<p><span style=\"text-decoration: underline; color: #b23552; font-size: x-large;\"><em><strong>Bei akuten F\u00e4llen bitte immer mit telefonischer Voranmeldung und zum Anfang der jeweiligen Sprechstunde.<\/strong><\/em><\/span><\/p>\n<p><span style=\"text-decoration: underline; color: #b23552; font-size: x-large;\"><em><strong>Danke.<\/strong><\/em><\/span><\/p>\n<p>[\/et_pb_text][\/et_pb_column][et_pb_column type=&#8220;1_2&#8243; admin_label=&#8220;Spalte&#8220; _builder_version=&#8220;4.27.0&#8243; _module_preset=&#8220;default&#8220; custom_css_main_element=&#8220;  display: flex;  ||||  flex-direction: column;  ||||  justify-content: center; ||||&#8220; global_colors_info=&#8220;{}&#8220;][et_pb_image src=&#8220;https:\/\/gyn-am-suedhang.de\/wp-content\/uploads\/2024\/09\/Rezeption_793x550.jpg&#8220; title_text=&#8220;Rezeption_793x550&#8243; src_tablet=&#8220;https:\/\/gyn-am-suedhang.de\/wp-content\/uploads\/2024\/09\/Rezeption_793x550.jpg&#8220; src_phone=&#8220;https:\/\/gyn-am-suedhang.de\/wp-content\/uploads\/2024\/09\/Rezeption_793x550.jpg&#8220; src_last_edited=&#8220;on|desktop&#8220; _builder_version=&#8220;4.27.0&#8243; _module_preset=&#8220;default&#8220; width=&#8220;96.2%&#8220; max_width_tablet=&#8220;100%&#8220; max_width_phone=&#8220;100%&#8220; max_width_last_edited=&#8220;on|tablet&#8220; custom_margin=&#8220;17px|-131px||2px|false|false&#8220; custom_padding=&#8220;|0px||||&#8220; global_colors_info=&#8220;{}&#8220;][\/et_pb_image][et_pb_text _builder_version=&#8220;4.27.5&#8243; _module_preset=&#8220;default&#8220; text_font=&#8220;&#8211;et_global_heading_font|800||on|||||&#8220; text_text_color=&#8220;#304F5D&#8220; text_font_size=&#8220;19px&#8220; text_line_height=&#8220;1.8em&#8220; background_color=&#8220;#98D0D3&#8243; max_width=&#8220;100%&#8220; custom_padding=&#8220;||0px|||&#8220; border_radii=&#8220;on|20px|20px|20px|20px&#8220; border_width_all=&#8220;24px&#8220; border_color_all=&#8220;#98D0D3&#8243; global_colors_info=&#8220;{}&#8220;]<\/p>\n<p>&nbsp;<\/p>\n<p>&nbsp;<\/p>\n<p>[\/et_pb_text][\/et_pb_column][\/et_pb_row][\/et_pb_section][et_pb_section fb_built=&#8220;1&#8243; specialty=&#8220;on&#8220; custom_padding_last_edited=&#8220;on|desktop&#8220; _builder_version=&#8220;4.27.4&#8243; _module_preset=&#8220;default&#8220; custom_padding=&#8220;0vw||4vw||false|false&#8220; custom_padding_tablet=&#8220;6vw||4vw||false|false&#8220; custom_padding_phone=&#8220;6vw||4vw||false|false&#8220; bottom_divider_color=&#8220;#304F5D&#8220; bottom_divider_height=&#8220;73px&#8220; bottom_divider_flip=&#8220;horizontal&#8220; global_colors_info=&#8220;{}&#8220;][et_pb_column type=&#8220;1_3&#8243; _builder_version=&#8220;4.16&#8243; custom_padding=&#8220;|||&#8220; global_colors_info=&#8220;{}&#8220; custom_padding__hover=&#8220;|||&#8220;][et_pb_text _builder_version=&#8220;4.27.4&#8243; _module_preset=&#8220;default&#8220; text_font=&#8220;&#8211;et_global_heading_font||||||||&#8220; text_text_color=&#8220;#EEE5DC&#8220; header_2_font=&#8220;&#8211;et_global_heading_font|600|||||||&#8220; header_2_text_color=&#8220;#FFFFFF&#8220; header_2_font_size=&#8220;20px&#8220; header_3_font=&#8220;&#8211;et_global_heading_font||||||||&#8220; header_3_text_color=&#8220;#8F8F8F&#8220; header_3_font_size=&#8220;20px&#8220; header_3_line_height=&#8220;1.3em&#8220; custom_margin=&#8220;||6px|||&#8220; custom_padding=&#8220;||0px|0px||&#8220; header_3_font_size_tablet=&#8220;20px&#8220; header_3_font_size_phone=&#8220;20px&#8220; header_3_font_size_last_edited=&#8220;on|phone&#8220; global_colors_info=&#8220;{}&#8220;]<\/p>\n<h3><span style=\"color: #eee5dc;\"><span style=\"color: #8f8f8f;\">R\u00e4umlichkeiten<\/span><br \/><\/span><\/h3>\n<p>[\/et_pb_text][et_pb_divider color=&#8220;#304F5D&#8220; _builder_version=&#8220;4.27.0&#8243; _module_preset=&#8220;default&#8220; width=&#8220;100%&#8220; width_tablet=&#8220;100%&#8220; width_phone=&#8220;100%&#8220; width_last_edited=&#8220;on|tablet&#8220; custom_margin=&#8220;||6px||false|false&#8220; custom_padding=&#8220;||0px||false|false&#8220; locked=&#8220;off&#8220; global_colors_info=&#8220;{}&#8220;][\/et_pb_divider][et_pb_text _builder_version=&#8220;4.27.4&#8243; _module_preset=&#8220;default&#8220; text_font=&#8220;&#8211;et_global_heading_font||||||||&#8220; text_text_color=&#8220;#6E6E6D&#8220; text_font_size=&#8220;27px&#8220; text_line_height=&#8220;1.2em&#8220; header_font=&#8220;&#8211;et_global_heading_font||||||||&#8220; header_text_color=&#8220;#304F5D&#8220; header_font_size=&#8220;48px&#8220; header_line_height=&#8220;1.3em&#8220; header_2_font=&#8220;&#8211;et_global_heading_font||||||||&#8220; header_2_text_color=&#8220;#304F5D&#8220; header_2_font_size=&#8220;48px&#8220; header_2_line_height=&#8220;1.3em&#8220; header_3_font=&#8220;ABeeZee|600|||||||&#8220; header_3_text_color=&#8220;#304F5D&#8220; header_3_font_size=&#8220;45px&#8220; custom_margin=&#8220;||6px||false|false&#8220; custom_padding=&#8220;||0px||false|false&#8220; header_2_font_size_tablet=&#8220;24px&#8220; header_2_font_size_phone=&#8220;33px&#8220; header_2_font_size_last_edited=&#8220;on|phone&#8220; header_3_font_size_tablet=&#8220;45px&#8220; header_3_font_size_phone=&#8220;33px&#8220; header_3_font_size_last_edited=&#8220;on|phone&#8220; locked=&#8220;off&#8220; global_colors_info=&#8220;{}&#8220;]<\/p>\n<h2>Unsere Praxis<span style=\"color: #eee5dc;\"><\/span><\/h2>\n<p>[\/et_pb_text][et_pb_text _builder_version=&#8220;4.27.4&#8243; _module_preset=&#8220;default&#8220; text_font=&#8220;ABeeZee||||||||&#8220; text_text_color=&#8220;#666666&#8243; text_font_size=&#8220;16px&#8220; text_line_height=&#8220;1.5em&#8220; background_color=&#8220;RGBA(255,255,255,0)&#8220; custom_padding=&#8220;25px||0px||false|false&#8220; custom_padding_tablet=&#8220;0px||80px||false|false&#8220; custom_padding_phone=&#8220;0px||35px||false|false&#8220; custom_padding_last_edited=&#8220;on|phone&#8220; text_font_size_tablet=&#8220;16px&#8220; text_font_size_phone=&#8220;14px&#8220; text_font_size_last_edited=&#8220;on|phone&#8220; global_colors_info=&#8220;{}&#8220;]<\/p>\n<p>Die Praxis wurde im Jahr 1993 von Frau Dr. Elke Held gegr\u00fcndet. Neben der Frauenheilkunde geh\u00f6rte auch die labormedizinische gyn\u00e4kologische Exfoliativ-Zytologie, die der Fr\u00fcherkennung des Zervixkarzinoms dient, von Beginn an zum Portfolio der Praxis.<\/p>\n<p>Seit 2019 ist in der Praxis ebenfalls Frau Dr. Stefanie Staar t\u00e4tig.<\/p>\n<p>Im Mai 2024 vervollst\u00e4ndigte Frau Dr. Elsa Zeitler das \u00e4rztliche Team der Frauenarztpraxis am S\u00fcdhang.<\/p>\n<p>[\/et_pb_text][\/et_pb_column][et_pb_column type=&#8220;2_3&#8243; specialty_columns=&#8220;2&#8243; _builder_version=&#8220;4.16&#8243; custom_padding=&#8220;|||&#8220; global_colors_info=&#8220;{}&#8220; custom_padding__hover=&#8220;|||&#8220;][et_pb_row_inner column_structure=&#8220;1_2,1_2&#8243; _builder_version=&#8220;4.27.5&#8243; _module_preset=&#8220;default&#8220; min_height=&#8220;586.7px&#8220; custom_margin=&#8220;-10vw||||false|false&#8220; custom_margin_tablet=&#8220;||-4vw||false|false&#8220; custom_margin_phone=&#8220;-14vw||-8vw||false|false&#8220; custom_margin_last_edited=&#8220;on|tablet&#8220; custom_padding=&#8220;290px|||||&#8220; global_colors_info=&#8220;{}&#8220;][et_pb_column_inner type=&#8220;1_2&#8243; saved_specialty_column_type=&#8220;2_3&#8243; _builder_version=&#8220;4.27.4&#8243; _module_preset=&#8220;default&#8220; background_color=&#8220;#A57F52&#8243; global_colors_info=&#8220;{}&#8220;][et_pb_image src=&#8220;https:\/\/gyn-am-suedhang.de\/wp-content\/uploads\/2025\/09\/Lavendelfeld_Hildegard.jpg&#8220; title_text=&#8220;Lavendelfeld_Hildegard&#8220; _builder_version=&#8220;4.27.4&#8243; _module_preset=&#8220;default&#8220; background_color=&#8220;#A57F52&#8243; min_height=&#8220;398.6px&#8220; global_colors_info=&#8220;{}&#8220;][\/et_pb_image][\/et_pb_column_inner][et_pb_column_inner type=&#8220;1_2&#8243; saved_specialty_column_type=&#8220;2_3&#8243; _builder_version=&#8220;4.27.0&#8243; _module_preset=&#8220;default&#8220; global_colors_info=&#8220;{}&#8220;][et_pb_image src=&#8220;https:\/\/gyn-am-suedhang.de\/wp-content\/uploads\/2024\/10\/Glastuer_neu.png&#8220; title_text=&#8220;Glastuer_neu&#8220; _builder_version=&#8220;4.27.0&#8243; _module_preset=&#8220;default&#8220; global_colors_info=&#8220;{}&#8220;][\/et_pb_image][\/et_pb_column_inner][\/et_pb_row_inner][et_pb_row_inner column_structure=&#8220;1_2,1_2&#8243; _builder_version=&#8220;4.27.0&#8243; _module_preset=&#8220;default&#8220; global_colors_info=&#8220;{}&#8220;][et_pb_column_inner type=&#8220;1_2&#8243; saved_specialty_column_type=&#8220;2_3&#8243; _builder_version=&#8220;4.27.0&#8243; _module_preset=&#8220;default&#8220; global_colors_info=&#8220;{}&#8220;][et_pb_image src=&#8220;https:\/\/gyn-am-suedhang.de\/wp-content\/uploads\/2024\/09\/Unsere_Praxis_4.jpg&#8220; title_text=&#8220;Unsere_Praxis_4&#8243; _builder_version=&#8220;4.27.0&#8243; _module_preset=&#8220;default&#8220; global_colors_info=&#8220;{}&#8220;][\/et_pb_image][\/et_pb_column_inner][et_pb_column_inner type=&#8220;1_2&#8243; saved_specialty_column_type=&#8220;2_3&#8243; _builder_version=&#8220;4.27.0&#8243; _module_preset=&#8220;default&#8220; global_colors_info=&#8220;{}&#8220;][et_pb_image src=&#8220;https:\/\/gyn-am-suedhang.de\/wp-content\/uploads\/2024\/10\/Terminvergabe.png&#8220; title_text=&#8220;Terminvergabe&#8220; _builder_version=&#8220;4.27.0&#8243; _module_preset=&#8220;default&#8220; global_colors_info=&#8220;{}&#8220;][\/et_pb_image][\/et_pb_column_inner][\/et_pb_row_inner][\/et_pb_column][\/et_pb_section][et_pb_section fb_built=&#8220;1&#8243; admin_label=&#8220;Features&#8220; _builder_version=&#8220;4.27.4&#8243; _module_preset=&#8220;default&#8220; background_color=&#8220;#98D0D3&#8243; background_enable_pattern_style=&#8220;on&#8220; background_pattern_style=&#8220;squares&#8220; background_pattern_color=&#8220;rgba(0,0,0,0.05)&#8220; link_option_url=&#8220;#leistungen&#8220; locked=&#8220;off&#8220; global_colors_info=&#8220;{}&#8220;][et_pb_row custom_padding_last_edited=&#8220;on|desktop&#8220; _builder_version=&#8220;4.27.4&#8243; _module_preset=&#8220;default&#8220; custom_margin=&#8220;||||false|false&#8220; custom_margin_tablet=&#8220;||||false|false&#8220; custom_margin_phone=&#8220;||||false|false&#8220; custom_margin_last_edited=&#8220;on|desktop&#8220; custom_padding=&#8220;||0px||false|false&#8220; custom_padding_tablet=&#8220;||0px||false|false&#8220; custom_padding_phone=&#8220;||0px||false|false&#8220; global_colors_info=&#8220;{}&#8220;][et_pb_column type=&#8220;4_4&#8243; _builder_version=&#8220;4.16&#8243; _module_preset=&#8220;default&#8220; global_colors_info=&#8220;{}&#8220;][et_pb_heading title=&#8220;Unsere Leistungen&#8220; _builder_version=&#8220;4.27.4&#8243; _module_preset=&#8220;default&#8220; title_font=&#8220;ABeeZee||||||||&#8220; title_text_align=&#8220;left&#8220; title_text_color=&#8220;#304F5D&#8220; title_font_size=&#8220;48px&#8220; custom_margin_tablet=&#8220;&#8220; custom_margin_phone=&#8220;||10px||false|false&#8220; custom_margin_last_edited=&#8220;on|phone&#8220; custom_padding_tablet=&#8220;&#8220; custom_padding_phone=&#8220;||||false|false&#8220; custom_padding_last_edited=&#8220;on|phone&#8220; title_font_size_tablet=&#8220;48px&#8220; title_font_size_phone=&#8220;33px&#8220; title_font_size_last_edited=&#8220;on|desktop&#8220; global_colors_info=&#8220;{}&#8220;][\/et_pb_heading][et_pb_divider color=&#8220;#304F5D&#8220; _builder_version=&#8220;4.27.4&#8243; _module_preset=&#8220;default&#8220; width=&#8220;0%&#8220; width_tablet=&#8220;100%&#8220; width_phone=&#8220;100%&#8220; width_last_edited=&#8220;on|tablet&#8220; custom_margin=&#8220;||6px||false|false&#8220; custom_padding=&#8220;||0px||false|false&#8220; locked=&#8220;off&#8220; global_colors_info=&#8220;{}&#8220;][\/et_pb_divider][\/et_pb_column][\/et_pb_row][et_pb_row column_structure=&#8220;1_2,1_2&#8243; _builder_version=&#8220;4.27.4&#8243; _module_preset=&#8220;default&#8220; custom_margin_tablet=&#8220;&#8220; custom_margin_phone=&#8220;||||false|false&#8220; custom_margin_last_edited=&#8220;on|phone&#8220; custom_padding=&#8220;||||false|false&#8220; global_colors_info=&#8220;{}&#8220;][et_pb_column type=&#8220;1_2&#8243; _builder_version=&#8220;4.16&#8243; _module_preset=&#8220;default&#8220; global_colors_info=&#8220;{}&#8220;][et_pb_image src=&#8220;https:\/\/gyn-am-suedhang.de\/wp-content\/uploads\/2024\/12\/Unbenannt.jpg&#8220; title_text=&#8220;Unbenannt&#8220; _builder_version=&#8220;4.27.4&#8243; _module_preset=&#8220;default&#8220; custom_margin=&#8220;|||-60%|false|false&#8220; custom_margin_tablet=&#8220;|||0%|false|false&#8220; custom_margin_phone=&#8220;&#8220; custom_margin_last_edited=&#8220;on|desktop&#8220; global_colors_info=&#8220;{}&#8220;][\/et_pb_image][\/et_pb_column][et_pb_column type=&#8220;1_2&#8243; _builder_version=&#8220;4.16&#8243; _module_preset=&#8220;default&#8220; global_colors_info=&#8220;{}&#8220;][et_pb_blurb title=&#8220;Schwangerschaftsvorsorge&#8220; use_icon=&#8220;on&#8220; font_icon=&#8220;&#xf77c;||fa||900&#8243; icon_color=&#8220;#FFFFFF&#8220; image_icon_background_color=&#8220;#304f5d&#8220; image_icon_width=&#8220;39px&#8220; icon_alignment=&#8220;left&#8220; title_tablet=&#8220;Schwangerschaftsvorsorge&#8220; title_phone=&#8220;Schwangerschafts-vorsorge&#8220; title_last_edited=&#8220;on|tablet&#8220; _builder_version=&#8220;4.27.4&#8243; _module_preset=&#8220;default&#8220; header_text_align=&#8220;left&#8220; header_text_color=&#8220;#304F5D&#8220; header_font_size=&#8220;22px&#8220; body_text_align=&#8220;left&#8220; background_color=&#8220;#FFFFFF&#8220; image_icon_custom_margin=&#8220;10px||||false|false&#8220; image_icon_custom_padding=&#8220;14px|18px|14px|18px|false|true&#8220; border_width_all=&#8220;19px&#8220; border_color_all=&#8220;#FFFFFF&#8220; border_radii_image=&#8220;on|100px|100px|100px|100px&#8220; global_colors_info=&#8220;{}&#8220;]<\/p>\n<ul>\n<li style=\"text-align: left;\"><span style=\"color: #304f5d;\">intensive Beratung und Betreuung von Mutter und Kind im Rahmen der Mutterschaftsvorsorge in Zusammenarbeit mit unserer erfahrenen Hebamme<\/span><\/li>\n<li style=\"text-align: left;\"><span style=\"color: #304f5d;\">weiterf\u00fchrende Untersuchungen w\u00e4hrend der Schwangerschaft, z.Bsp.: Doppleruntersuchung, NiPT-Screening<\/span><\/li>\n<li style=\"text-align: left;\"><span style=\"color: #304f5d;\">schulmedizinische wie auch ganzheitliche Therapie von Beschwerden in der Schwangerschaft und im Wochenbett<\/span><\/li>\n<li style=\"text-align: left;\"><span style=\"color: #304f5d;\">Zusammenarbeit mit Spezialpraxen und Kliniken<\/span><\/li>\n<li style=\"text-align: left;\"><span style=\"color: #304f5d;\">Akupunktur<\/span><\/li>\n<\/ul>\n<p>[\/et_pb_blurb][et_pb_blurb title=&#8220;Vorsorge &#038; Fr\u00fcherkennung&#8220; use_icon=&#8220;on&#8220; font_icon=&#8220;&#xf4d6;||fa||900&#8243; icon_color=&#8220;#FFFFFF&#8220; image_icon_background_color=&#8220;#304F5D&#8220; image_icon_width=&#8220;38px&#8220; icon_alignment=&#8220;left&#8220; _builder_version=&#8220;4.27.4&#8243; _module_preset=&#8220;default&#8220; header_text_align=&#8220;left&#8220; header_text_color=&#8220;#304F5D&#8220; header_font_size=&#8220;22px&#8220; body_text_align=&#8220;left&#8220; background_color=&#8220;#FFFFFF&#8220; image_icon_custom_margin=&#8220;10px||||false|false&#8220; image_icon_custom_padding=&#8220;15px|17px|15px|17px|true|true&#8220; border_width_all=&#8220;19px&#8220; border_color_all=&#8220;#FFFFFF&#8220; border_radii_image=&#8220;on|100px|100px|100px|100px&#8220; global_colors_info=&#8220;{}&#8220;]<\/p>\n<ul>\n<li><span style=\"color: #304f5d;\">Geb\u00e4rmutterhalskrebsvorsorge<\/span><\/li>\n<li><span style=\"color: #304f5d;\"><\/span><span style=\"color: #304f5d;\">Gyn\u00e4kologischer Ultraschall<\/span><\/li>\n<li><span style=\"color: #304f5d;\">Brustkrebsvorsorge<\/span><\/li>\n<\/ul>\n<p>[\/et_pb_blurb][\/et_pb_column][\/et_pb_row][\/et_pb_section][et_pb_section fb_built=&#8220;1&#8243; module_id=&#8220;anfahrt_und_kontakt&#8220; _builder_version=&#8220;4.27.0&#8243; _module_preset=&#8220;default&#8220; background_color=&#8220;rgba(238,229,220,0.34)&#8220; background_image=&#8220;https:\/\/gyn-am-suedhang.de\/wp-content\/uploads\/2024\/09\/Wartezimmer_Footer.jpg&#8220; background_blend=&#8220;soft-light&#8220; custom_margin=&#8220;||||false|false&#8220; custom_padding=&#8220;0px||4vw||false|false&#8220; bottom_divider_style=&#8220;wave&#8220; bottom_divider_color=&#8220;#304F5D&#8220; bottom_divider_height=&#8220;87px&#8220; bottom_divider_flip=&#8220;horizontal&#8220; bottom_divider_height_tablet=&#8220;59px&#8220; bottom_divider_height_phone=&#8220;36px&#8220; bottom_divider_height_last_edited=&#8220;on|phone&#8220; link_option_url=&#8220;#anfahrt_und_kontakt&#8220; background_last_edited=&#8220;on|desktop&#8220; background_enable_image_tablet=&#8220;off&#8220; background_size_tablet=&#8220;contain&#8220; background_horizontal_offset_tablet=&#8220;0%&#8220; global_colors_info=&#8220;{%22gcid-d1ad52d9-e77b-4ccb-a8f9-7bf79e6c4abb%22:%91%22bottom_divider_color%22%93}&#8220;][et_pb_row module_id=&#8220;anfahrt_und_kontakt&#8220; _builder_version=&#8220;4.25.0&#8243; _module_preset=&#8220;default&#8220; width=&#8220;50%&#8220; width_tablet=&#8220;80%&#8220; width_phone=&#8220;80%&#8220; width_last_edited=&#8220;on|phone&#8220; link_option_url=&#8220;#anfahrt_und_kontakt&#8220; global_colors_info=&#8220;{}&#8220;][et_pb_column type=&#8220;4_4&#8243; _builder_version=&#8220;4.25.0&#8243; _module_preset=&#8220;default&#8220; global_colors_info=&#8220;{}&#8220;][et_pb_text _builder_version=&#8220;4.27.4&#8243; _module_preset=&#8220;default&#8220; header_font=&#8220;|700|||||||&#8220; header_text_align=&#8220;center&#8220; header_text_color=&#8220;#304F5D&#8220; header_font_size=&#8220;48px&#8220; custom_margin=&#8220;4em||0em||false|false&#8220; custom_margin_tablet=&#8220;4em||||false|false&#8220; custom_margin_phone=&#8220;4em||0em||false|false&#8220; custom_margin_last_edited=&#8220;on|desktop&#8220; header_font_size_tablet=&#8220;48px&#8220; header_font_size_phone=&#8220;33px&#8220; header_font_size_last_edited=&#8220;on|phone&#8220; global_colors_info=&#8220;{}&#8220;]<\/p>\n<h1>Anfahrt &amp; Kontakt<\/h1>\n<p>[\/et_pb_text][\/et_pb_column][\/et_pb_row][et_pb_row column_structure=&#8220;1_2,1_2&#8243; _builder_version=&#8220;4.27.0&#8243; _module_preset=&#8220;default&#8220; global_colors_info=&#8220;{}&#8220;][et_pb_column type=&#8220;1_2&#8243; _builder_version=&#8220;4.27.0&#8243; _module_preset=&#8220;default&#8220; global_colors_info=&#8220;{}&#8220;][et_pb_map address=&#8220;Caspar-David-Friedrich-Stra\u00dfe 47, 01217 Dresden, Deutschland&#8220; address_lat=&#8220;51.0207283&#8243; address_lng=&#8220;13.748937&#8243; _builder_version=&#8220;4.25.1&#8243; _module_preset=&#8220;default&#8220; background_color=&#8220;RGBA(255,255,255,0)&#8220; link_option_url=&#8220;https:\/\/maps.app.goo.gl\/AhEhf8HPBpnRJqH28&#8243; link_option_url_new_window=&#8220;on&#8220; global_colors_info=&#8220;{}&#8220;][et_pb_map_pin title=&#8220;GYN AM S\u00dcDHANG&#8220; pin_address=&#8220;Caspar-David-Friedrich-Stra\u00dfe 47, 01217 Dresden&#8220; pin_address_lat=&#8220;51.0634874&#8243; pin_address_lng=&#8220;13.82187&#8243; _builder_version=&#8220;4.25.1&#8243; _module_preset=&#8220;default&#8220; global_colors_info=&#8220;{}&#8220;][\/et_pb_map_pin][\/et_pb_map][\/et_pb_column][et_pb_column type=&#8220;1_2&#8243; _builder_version=&#8220;4.27.0&#8243; _module_preset=&#8220;default&#8220; global_colors_info=&#8220;{}&#8220;][et_pb_text _builder_version=&#8220;4.27.4&#8243; _module_preset=&#8220;default&#8220; text_font_size=&#8220;16px&#8220; text_line_height=&#8220;1.5em&#8220; global_colors_info=&#8220;{}&#8220;]<\/p>\n<p><strong>Gyn\u00e4kologische Praxis am S\u00fcdhang<br \/><\/strong><br \/>Dr. med. Elke Held | Dr. med. Stefanie Staar | Dr. med. Elsa Zeitler<br \/>Caspar-David-Friedrich-Str. 47<br \/>01217 Dresden<\/p>\n<p>Tel.: 0351 47243 -47<br \/>Fax\u00a0 0351 47243 -48<\/p>\n<p>E-Mail: info@gyn-am-suedhang.de<\/p>\n<p>[\/et_pb_text][et_pb_button button_url=&#8220;https:\/\/maps.app.goo.gl\/nHeDRwraNFcY6vSq9?g_st=ic&#8220; url_new_window=&#8220;on&#8220; button_text=&#8220;Anfahrt berechnen&#8220; button_alignment=&#8220;left&#8220; module_class=&#8220;button_orange&#8220; _builder_version=&#8220;4.27.4&#8243; _module_preset=&#8220;default&#8220; button_bg_color=&#8220;#F37045&#8243; button_border_width=&#8220;15px&#8220; button_border_color=&#8220;RGBA(255,255,255,0)&#8220; custom_padding=&#8220;||||true|true&#8220; custom_padding_tablet=&#8220;||||true|true&#8220; custom_padding_phone=&#8220;||||true|true&#8220; custom_padding_last_edited=&#8220;on|phone&#8220; global_colors_info=&#8220;{}&#8220;][\/et_pb_button][\/et_pb_column][\/et_pb_row][\/et_pb_section][et_pb_section fb_built=&#8220;1&#8243; _builder_version=&#8220;4.27.0&#8243; _module_preset=&#8220;default&#8220; background_color=&#8220;#304F5D&#8220; custom_padding=&#8220;13px|||||&#8220; global_colors_info=&#8220;{}&#8220;][et_pb_row column_structure=&#8220;1_4,1_4,1_4,1_4&#8243; custom_padding_last_edited=&#8220;on|desktop&#8220; module_id=&#8220;anfahrt_und_kontakt&#8220; _builder_version=&#8220;4.27.0&#8243; _module_preset=&#8220;default&#8220; custom_margin=&#8220;||||false|false&#8220; custom_padding=&#8220;||||false|false&#8220; custom_padding_tablet=&#8220;||||false|false&#8220; custom_padding_phone=&#8220;||||false|false&#8220; link_option_url=&#8220;#anfahrt_und_kontakt&#8220; module_alignment_last_edited=&#8220;off|desktop&#8220; global_colors_info=&#8220;{}&#8220;][et_pb_column type=&#8220;1_4&#8243; _builder_version=&#8220;4.25.0&#8243; _module_preset=&#8220;default&#8220; global_colors_info=&#8220;{}&#8220;][et_pb_text _builder_version=&#8220;4.27.4&#8243; _module_preset=&#8220;default&#8220; text_font=&#8220;Noto Sans||||||||&#8220; text_text_color=&#8220;#ededed&#8220; text_font_size=&#8220;16px&#8220; text_line_height=&#8220;1.5em&#8220; module_alignment=&#8220;center&#8220; text_font_size_tablet=&#8220;15px&#8220; text_font_size_phone=&#8220;16px&#8220; text_font_size_last_edited=&#8220;on|phone&#8220; global_colors_info=&#8220;{}&#8220;]<\/p>\n<p>Die Gyn\u00e4kologische Praxis am S\u00fcdhang<strong><br \/><\/strong>ist eine Nebenbetriebsst\u00e4tte des<strong><\/strong><\/p>\n<p><strong> <\/strong><\/p>\n<p><strong>Medizinisches Labor Dresden MVZ<br \/>in Tr\u00e4gerschaft der Medizinisches Labor Ostsachsen MVZ eGbR<\/strong><\/p>\n<p>[\/et_pb_text][\/et_pb_column][et_pb_column type=&#8220;1_4&#8243; _builder_version=&#8220;4.27.2&#8243; _module_preset=&#8220;default&#8220; global_colors_info=&#8220;{}&#8220;][\/et_pb_column][et_pb_column type=&#8220;1_4&#8243; _builder_version=&#8220;4.25.0&#8243; _module_preset=&#8220;default&#8220; global_colors_info=&#8220;{}&#8220;][et_pb_code _builder_version=&#8220;4.27.2&#8243; _module_preset=&#8220;default&#8220; link_option_url=&#8220;google-site-verification: google56e1d0d25f3198c6.html&#8220; global_colors_info=&#8220;{}&#8220;][\/et_pb_code][\/et_pb_column][et_pb_column type=&#8220;1_4&#8243; _builder_version=&#8220;4.25.0&#8243; _module_preset=&#8220;default&#8220; global_colors_info=&#8220;{}&#8220;][et_pb_text _builder_version=&#8220;4.27.4&#8243; _module_preset=&#8220;default&#8220; text_text_color=&#8220;#ededed&#8220; text_font_size=&#8220;16px&#8220; text_line_height=&#8220;1.5em&#8220; header_text_color=&#8220;#ededed&#8220; background_layout=&#8220;dark&#8220; custom_margin=&#8220;||1px|||&#8220; custom_padding_tablet=&#8220;20px||||false|false&#8220; custom_padding_phone=&#8220;20px||||false|false&#8220; custom_padding_last_edited=&#8220;on|phone&#8220; link_option_url=&#8220;https:\/\/gyn-am-hirsch.de\/impressum&#8220; global_colors_info=&#8220;{}&#8220;]<\/p>\n<p style=\"text-align: left;\"><span style=\"color: #ffeaea;\"><a href=\"https:\/\/gyn-am-suedhang.de\/index.php\/impressum\/\" style=\"color: #ffeaea;\"><span style=\"font-size: medium;\">Impressum<\/span><\/a><\/span><\/p>\n<p><span style=\"color: #ffeaea;\"><a href=\"https:\/\/gyn-am-suedhang.de\/index.php\/datenschutz-u-bildnachweise\/\" style=\"color: #ffeaea;\"><\/a><\/span><\/p>\n<p>[\/et_pb_text][et_pb_text _builder_version=&#8220;4.27.0&#8243; _module_preset=&#8220;default&#8220; text_font_size=&#8220;16px&#8220; custom_margin=&#8220;||-17px|||&#8220; global_colors_info=&#8220;{}&#8220;]<\/p>\n<p style=\"text-align: left;\"><span style=\"color: #ffeaea;\"><a href=\"https:\/\/gyn-am-suedhang.de\/index.php\/datenschutz-u-bildnachweise\/\" style=\"color: #ffeaea;\">Datenschutz &amp; Bildnachweis<\/a><\/span><\/p>\n<p>[\/et_pb_text][\/et_pb_column][\/et_pb_row][\/et_pb_section]<\/p>\n","protected":false},"excerpt":{"rendered":"<p>WillkommenGyn\u00e4kologische Praxis am S\u00fcdhangWir freuen uns, Sie auf unseren Seiten begr\u00fc\u00dfen zu d\u00fcrfen. Das Leitbild unserer Praxis ist es, Sie in allen Lebensphasen fachlich kompetent und wertsch\u00e4tzend zu beraten und zu begleiten. Egal ob in freudiger Erwartung oder in schwierigen gesundheitlichen Situationen &#8211; wir nehmen uns Zeit und legen Wert auf eine vertrauensvolle Behandlungssituation, in [&hellip;]<\/p>\n","protected":false},"author":2,"featured_media":0,"parent":0,"menu_order":0,"comment_status":"closed","ping_status":"closed","template":"","meta":{"_et_pb_use_builder":"on","_et_pb_old_content":"","_et_gb_content_width":"","footnotes":""},"class_list":["post-308","page","type-page","status-publish","hentry"],"_links":{"self":[{"href":"https:\/\/gyn-am-suedhang.de\/index.php\/wp-json\/wp\/v2\/pages\/308","targetHints":{"allow":["GET"]}}],"collection":[{"href":"https:\/\/gyn-am-suedhang.de\/index.php\/wp-json\/wp\/v2\/pages"}],"about":[{"href":"https:\/\/gyn-am-suedhang.de\/index.php\/wp-json\/wp\/v2\/types\/page"}],"author":[{"embeddable":true,"href":"https:\/\/gyn-am-suedhang.de\/index.php\/wp-json\/wp\/v2\/users\/2"}],"replies":[{"embeddable":true,"href":"https:\/\/gyn-am-suedhang.de\/index.php\/wp-json\/wp\/v2\/comments?post=308"}],"version-history":[{"count":288,"href":"https:\/\/gyn-am-suedhang.de\/index.php\/wp-json\/wp\/v2\/pages\/308\/revisions"}],"predecessor-version":[{"id":1806,"href":"https:\/\/gyn-am-suedhang.de\/index.php\/wp-json\/wp\/v2\/pages\/308\/revisions\/1806"}],"wp:attachment":[{"href":"https:\/\/gyn-am-suedhang.de\/index.php\/wp-json\/wp\/v2\/media?parent=308"}],"curies":[{"name":"wp","href":"https:\/\/api.w.org\/{rel}","templated":true}]}}